{"id":5003,"date":"2024-07-12T12:49:20","date_gmt":"2024-07-12T10:49:20","guid":{"rendered":"https:\/\/www.jsg-niedergrafschaft.de\/web\/?page_id=5003"},"modified":"2025-07-04T07:58:16","modified_gmt":"2025-07-04T05:58:16","slug":"u19-saison-23-24","status":"publish","type":"page","link":"https:\/\/www.jsg-niedergrafschaft.de\/web\/die-mannschaften\/u19-saison-23-24\/","title":{"rendered":"U19 Saison 23\/24"},"content":{"rendered":"\n<p class=\"has-text-align-center\"><img data-recalc-dims=\"1\" loading=\"lazy\" decoding=\"async\" width=\"500\" height=\"78\" data-attachment-id=\"837\" data-permalink=\"https:\/\/www.jsg-niedergrafschaft.de\/web\/die-mannschaften\/u17-22-23\/jsg-logo-u19\/\" data-orig-file=\"https:\/\/i0.wp.com\/www.jsg-niedergrafschaft.de\/web\/wp-content\/uploads\/2022\/08\/jsg-logo-u19.png?fit=700%2C109&amp;ssl=1\" data-orig-size=\"700,109\" data-comments-opened=\"0\" data-image-meta=\"{&quot;aperture&quot;:&quot;0&quot;,&quot;credit&quot;:&quot;&quot;,&quot;camera&quot;:&quot;&quot;,&quot;caption&quot;:&quot;&quot;,&quot;created_timestamp&quot;:&quot;0&quot;,&quot;copyright&quot;:&quot;&quot;,&quot;focal_length&quot;:&quot;0&quot;,&quot;iso&quot;:&quot;0&quot;,&quot;shutter_speed&quot;:&quot;0&quot;,&quot;title&quot;:&quot;&quot;,&quot;orientation&quot;:&quot;0&quot;}\" data-image-title=\"JSG U19\" data-image-description=\"\" data-image-caption=\"\" data-large-file=\"https:\/\/i0.wp.com\/www.jsg-niedergrafschaft.de\/web\/wp-content\/uploads\/2022\/08\/jsg-logo-u19.png?fit=700%2C109&amp;ssl=1\" class=\"wp-image-837\" style=\"width: 500px;\" src=\"https:\/\/i0.wp.com\/www.jsg-niedergrafschaft.de\/web\/wp-content\/uploads\/2022\/08\/jsg-logo-u19.png?resize=500%2C78&#038;ssl=1\" alt=\"\" srcset=\"https:\/\/i0.wp.com\/www.jsg-niedergrafschaft.de\/web\/wp-content\/uploads\/2022\/08\/jsg-logo-u19.png?w=700&amp;ssl=1 700w, https:\/\/i0.wp.com\/www.jsg-niedergrafschaft.de\/web\/wp-content\/uploads\/2022\/08\/jsg-logo-u19.png?resize=300%2C47&amp;ssl=1 300w\" sizes=\"auto, (max-width: 500px) 100vw, 500px\" \/><\/p>\n\n\n\n<div class=\"wp-block-columns is-layout-flex wp-container-core-columns-is-layout-9d6595d7 wp-block-columns-is-layout-flex\">\n<div class=\"wp-block-column is-layout-flow wp-block-column-is-layout-flow\" style=\"flex-basis:66.66%\">\n<h2 class=\"wp-block-heading\">Berichte zur U19 in 2023\/2024<\/h2>\n\n\n\n<ul class=\"display-posts-listing\"><li class=\"listing-item\"><a class=\"title\" href=\"https:\/\/www.jsg-niedergrafschaft.de\/web\/die-jsg-saison-23-24-in-der-zusammenfassung\/\">Die JSG-Saison 23\/24 in der Zusammenfassung<\/a> <span class=\"date\">13.06.2024<\/span><\/li><li class=\"listing-item\"><a class=\"title\" href=\"https:\/\/www.jsg-niedergrafschaft.de\/web\/letzter-spieltag-fuer-viele-jsg-teams\/\">Letzter Spieltag f\u00fcr viele JSG-Teams<\/a> <span class=\"date\">02.06.2024<\/span><\/li><li class=\"listing-item\"><a class=\"title\" href=\"https:\/\/www.jsg-niedergrafschaft.de\/web\/jsg-berichte-vom-wochenende-u17-ist-meister\/\">JSG-Berichte vom Wochenende &#8211; U17 ist Meister!<\/a> <span class=\"date\">26.05.2024<\/span><\/li><li class=\"listing-item\"><a class=\"title\" href=\"https:\/\/www.jsg-niedergrafschaft.de\/web\/berichte-der-d2-und-u17-von-dieser-woche\/\">Berichte der D2 und U17 von dieser Woche<\/a> <span class=\"date\">17.05.2024<\/span><\/li><li class=\"listing-item\"><a class=\"title\" href=\"https:\/\/www.jsg-niedergrafschaft.de\/web\/jsg-berichte-vom-3-und-4-mai\/\">JSG-Berichte vom 3. und 4. Mai<\/a> <span class=\"date\">05.05.2024<\/span><\/li><li class=\"listing-item\"><a class=\"title\" href=\"https:\/\/www.jsg-niedergrafschaft.de\/web\/vier-jsg-spiele-am-gestrigen-samstag\/\">Vier JSG-Spiele am gestrigen Samstag<\/a> <span class=\"date\">14.04.2024<\/span><\/li><li class=\"listing-item\"><a class=\"title\" href=\"https:\/\/www.jsg-niedergrafschaft.de\/web\/zuletzt-zwei-siege-der-u19\/\">Zuletzt zwei Siege der U19<\/a> <span class=\"date\">10.04.2024<\/span><\/li><li class=\"listing-item\"><a class=\"title\" href=\"https:\/\/www.jsg-niedergrafschaft.de\/web\/bericht-der-jsg-spiele-vom-samstag\/\">Bericht der JSG-Spiele vom Samstag<\/a> <span class=\"date\">17.03.2024<\/span><\/li><li class=\"listing-item\"><a class=\"title\" href=\"https:\/\/www.jsg-niedergrafschaft.de\/web\/aktuelle-spiele-der-u15-u17-und-u19\/\">Aktuelle Spiele der U15, U17 und U19<\/a> <span class=\"date\">15.03.2024<\/span><\/li><li class=\"listing-item\"><a class=\"title\" href=\"https:\/\/www.jsg-niedergrafschaft.de\/web\/berichte-und-ergebnisse-vom-9-maerz\/\">Berichte und Ergebnisse vom 9. M\u00e4rz<\/a> <span class=\"date\">10.03.2024<\/span><\/li><li class=\"listing-item\"><a class=\"title\" href=\"https:\/\/www.jsg-niedergrafschaft.de\/web\/berichte-der-jsg-spiele-vom-2-und-3-maerz\/\">Berichte der JSG-Spiele vom 2. und 3. M\u00e4rz<\/a> <span class=\"date\">03.03.2024<\/span><\/li><li class=\"listing-item\"><a class=\"title\" href=\"https:\/\/www.jsg-niedergrafschaft.de\/web\/u19-schliesst-die-vorbereitung-auf-rueckrunde-ab\/\">U19 schlie\u00dft die Vorbereitung auf R\u00fcckrunde ab<\/a> <span class=\"date\">29.02.2024<\/span><\/li><li class=\"listing-item\"><a class=\"title\" href=\"https:\/\/www.jsg-niedergrafschaft.de\/web\/testspiele-am-17-02\/\">Testspiele am 17.02.<\/a> <span class=\"date\">18.02.2024<\/span><\/li><li class=\"listing-item\"><a class=\"title\" href=\"https:\/\/www.jsg-niedergrafschaft.de\/web\/testspiele-der-u19\/\">Testspiele der U19<\/a> <span class=\"date\">11.02.2024<\/span><\/li><li class=\"listing-item\"><a class=\"title\" href=\"https:\/\/www.jsg-niedergrafschaft.de\/web\/neue-aufwaermshirts-fuer-die-u19\/\">Neue Aufw\u00e4rmshirts f\u00fcr die U19<\/a> <span class=\"date\">06.02.2024<\/span><\/li><li class=\"listing-item\"><a class=\"title\" href=\"https:\/\/www.jsg-niedergrafschaft.de\/web\/u17-und-u19-im-finale-des-hsv-turniers\/\">U17 und U19 im Finale des HSV-Turniers<\/a> <span class=\"date\">04.02.2024<\/span><\/li><li class=\"listing-item\"><a class=\"title\" href=\"https:\/\/www.jsg-niedergrafschaft.de\/web\/hkm-zwischenrunde-2023-2024\/\">HKM Zwischenrunde 2023\/2024<\/a> <span class=\"date\">08.01.2024<\/span><\/li><li class=\"listing-item\"><a class=\"title\" href=\"https:\/\/www.jsg-niedergrafschaft.de\/web\/ergebnisse-vorrunde-hkm-der-jsg\/\">Ergebnisse Vorrunde HKM der JSG<\/a> <span class=\"date\">30.12.2023<\/span><\/li><li class=\"listing-item\"><a class=\"title\" href=\"https:\/\/www.jsg-niedergrafschaft.de\/web\/berichte-von-spielen-der-u15-und-u19\/\">Berichte von Spielen der U15 und U19<\/a> <span class=\"date\">26.11.2023<\/span><\/li><li class=\"listing-item\"><a class=\"title\" href=\"https:\/\/www.jsg-niedergrafschaft.de\/web\/es-durfte-gespielt-werden-die-spiele-vom-18-11-im-ueberblick\/\">Es durfte gespielt werden&#8230; die Spiele vom 18.11. im \u00dcberblick<\/a> <span class=\"date\">19.11.2023<\/span><\/li><li class=\"listing-item\"><a class=\"title\" href=\"https:\/\/www.jsg-niedergrafschaft.de\/web\/hallenkreismeisterschaften-2023-2024\/\">Hallenkreismeisterschaften 2023\/2024<\/a> <span class=\"date\">09.11.2023<\/span><\/li><li class=\"listing-item\"><a class=\"title\" href=\"https:\/\/www.jsg-niedergrafschaft.de\/web\/volles-programm-der-jsg-in-den-letzten-tagen\/\">Volles Programm der JSG in den letzten Tagen<\/a> <span class=\"date\">08.10.2023<\/span><\/li><li class=\"listing-item\"><a class=\"title\" href=\"https:\/\/www.jsg-niedergrafschaft.de\/web\/ergebnisse-der-jsg-team-vom-29-und-30-09\/\">Ergebnisse der JSG-Teams vom 29. und 30.09.<\/a> <span class=\"date\">01.10.2023<\/span><\/li><li class=\"listing-item\"><a class=\"title\" href=\"https:\/\/www.jsg-niedergrafschaft.de\/web\/spielberichte-vom-23-september\/\">Spielberichte vom 23. September<\/a> <span class=\"date\">24.09.2023<\/span><\/li><li class=\"listing-item\"><a class=\"title\" href=\"https:\/\/www.jsg-niedergrafschaft.de\/web\/ergebnisse-vom-14-bis-16-september\/\">Ergebnisse vom 14. bis 16. September<\/a> <span class=\"date\">17.09.2023<\/span><\/li><li class=\"listing-item\"><a class=\"title\" href=\"https:\/\/www.jsg-niedergrafschaft.de\/web\/berichte-vom-wochenende-8-9-september\/\">Berichte vom Wochenende 8.\/9. September<\/a> <span class=\"date\">10.09.2023<\/span><\/li><li class=\"listing-item\"><a class=\"title\" href=\"https:\/\/www.jsg-niedergrafschaft.de\/web\/jsg-spiele-vom-1-und-2-september\/\">JSG-Spiele vom 1. und 2. September<\/a> <span class=\"date\">03.09.2023<\/span><\/li><li class=\"listing-item\"><a class=\"title\" href=\"https:\/\/www.jsg-niedergrafschaft.de\/web\/jsg-spiele-am-26-august\/\">JSG-Spiele am 26. August<\/a> <span class=\"date\">27.08.2023<\/span><\/li><li class=\"listing-item\"><a class=\"title\" href=\"https:\/\/www.jsg-niedergrafschaft.de\/web\/u19-und-u15-starten-in-der-bezirksliga\/\">U19 und U15 starten in der Bezirksliga<\/a> <span class=\"date\">22.08.2023<\/span><\/li><li class=\"listing-item\"><a class=\"title\" href=\"https:\/\/www.jsg-niedergrafschaft.de\/web\/saisonauftakt-23-24-mit-bezirkspokal\/\">Saisonauftakt 23\/24 mit Bezirkspokal<\/a> <span class=\"date\">17.08.2023<\/span><\/li><\/ul>\n\n\n\n<p><\/p>\n\n\n\n<p><\/p>\n<\/div>\n\n\n\n<div class=\"wp-block-column has-nv-light-bg-background-color has-background is-layout-flow wp-block-column-is-layout-flow\" style=\"flex-basis:33.33%\">\n<h2 class=\"wp-block-heading\">Trainerteam 23\/24<\/h2>\n\n\n\n<p><strong>Sebastian Keen<\/strong> <br><strong>Albert Lichtendonk<\/strong><br>Hans-J\u00fcrgen L\u00fcbbers<br>Geerd Reinink<\/p>\n\n\n\n<h2 class=\"wp-block-heading\">Zust\u00e4ndigkeit<br> <img data-recalc-dims=\"1\" loading=\"lazy\" decoding=\"async\" width=\"50\" height=\"49\" data-attachment-id=\"347\" data-permalink=\"https:\/\/www.jsg-niedergrafschaft.de\/web\/der-verein\/stammvereine\/scu\/\" data-orig-file=\"https:\/\/i0.wp.com\/www.jsg-niedergrafschaft.de\/web\/wp-content\/uploads\/2020\/09\/scu-e1600371988971.png?fit=200%2C196&amp;ssl=1\" data-orig-size=\"200,196\" data-comments-opened=\"1\" data-image-meta=\"{&quot;aperture&quot;:&quot;0&quot;,&quot;credit&quot;:&quot;&quot;,&quot;camera&quot;:&quot;&quot;,&quot;caption&quot;:&quot;&quot;,&quot;created_timestamp&quot;:&quot;0&quot;,&quot;copyright&quot;:&quot;&quot;,&quot;focal_length&quot;:&quot;0&quot;,&quot;iso&quot;:&quot;0&quot;,&quot;shutter_speed&quot;:&quot;0&quot;,&quot;title&quot;:&quot;&quot;,&quot;orientation&quot;:&quot;0&quot;}\" data-image-title=\"SC Union Emlichheim\" data-image-description=\"\" data-image-caption=\"\" data-large-file=\"https:\/\/i0.wp.com\/www.jsg-niedergrafschaft.de\/web\/wp-content\/uploads\/2020\/09\/scu-e1600371988971.png?fit=1024%2C1001&amp;ssl=1\" class=\"wp-image-347\" style=\"width: 50px;\" src=\"https:\/\/i0.wp.com\/www.jsg-niedergrafschaft.de\/web\/wp-content\/uploads\/2020\/09\/scu-e1600371988971.png?resize=50%2C49&#038;ssl=1\" alt=\"\" srcset=\"https:\/\/i0.wp.com\/www.jsg-niedergrafschaft.de\/web\/wp-content\/uploads\/2020\/09\/scu-e1600371988971.png?w=200&amp;ssl=1 200w, https:\/\/i0.wp.com\/www.jsg-niedergrafschaft.de\/web\/wp-content\/uploads\/2020\/09\/scu-e1600371988971.png?resize=150%2C150&amp;ssl=1 150w\" sizes=\"auto, (max-width: 50px) 100vw, 50px\" \/><\/h2>\n<\/div>\n<\/div>\n\n\n\n<hr class=\"wp-block-separator has-alpha-channel-opacity\"\/>\n\n\n\n<h2 class=\"wp-block-heading\">Mannschaftsfoto &#8211; Saison 2023\/24<\/h2>\n\n\n\n<figure class=\"wp-block-image size-large\"><img data-recalc-dims=\"1\" loading=\"lazy\" decoding=\"async\" width=\"1024\" height=\"712\" data-attachment-id=\"3350\" data-permalink=\"https:\/\/www.jsg-niedergrafschaft.de\/web\/die-mannschaften\/u19-saison-24-25\/jsg-u19-teamfoto-23-24\/\" data-orig-file=\"https:\/\/i0.wp.com\/www.jsg-niedergrafschaft.de\/web\/wp-content\/uploads\/2023\/09\/jsg-u19-teamfoto-23-24.png?fit=1500%2C1043&amp;ssl=1\" data-orig-size=\"1500,1043\" data-comments-opened=\"0\" data-image-meta=\"{&quot;aperture&quot;:&quot;0&quot;,&quot;credit&quot;:&quot;&quot;,&quot;camera&quot;:&quot;&quot;,&quot;caption&quot;:&quot;&quot;,&quot;created_timestamp&quot;:&quot;0&quot;,&quot;copyright&quot;:&quot;&quot;,&quot;focal_length&quot;:&quot;0&quot;,&quot;iso&quot;:&quot;0&quot;,&quot;shutter_speed&quot;:&quot;0&quot;,&quot;title&quot;:&quot;&quot;,&quot;orientation&quot;:&quot;0&quot;}\" data-image-title=\"jsg-u19-teamfoto-23-24\" data-image-description=\"\" data-image-caption=\"\" data-large-file=\"https:\/\/i0.wp.com\/www.jsg-niedergrafschaft.de\/web\/wp-content\/uploads\/2023\/09\/jsg-u19-teamfoto-23-24.png?fit=1024%2C712&amp;ssl=1\" src=\"https:\/\/i0.wp.com\/www.jsg-niedergrafschaft.de\/web\/wp-content\/uploads\/2023\/09\/jsg-u19-teamfoto-23-24.png?resize=1024%2C712&#038;ssl=1\" alt=\"\" class=\"wp-image-3350\" srcset=\"https:\/\/i0.wp.com\/www.jsg-niedergrafschaft.de\/web\/wp-content\/uploads\/2023\/09\/jsg-u19-teamfoto-23-24.png?resize=1024%2C712&amp;ssl=1 1024w, https:\/\/i0.wp.com\/www.jsg-niedergrafschaft.de\/web\/wp-content\/uploads\/2023\/09\/jsg-u19-teamfoto-23-24.png?resize=300%2C209&amp;ssl=1 300w, https:\/\/i0.wp.com\/www.jsg-niedergrafschaft.de\/web\/wp-content\/uploads\/2023\/09\/jsg-u19-teamfoto-23-24.png?resize=768%2C534&amp;ssl=1 768w, https:\/\/i0.wp.com\/www.jsg-niedergrafschaft.de\/web\/wp-content\/uploads\/2023\/09\/jsg-u19-teamfoto-23-24.png?w=1500&amp;ssl=1 1500w\" sizes=\"auto, (max-width: 1024px) 100vw, 1024px\" \/><figcaption class=\"wp-element-caption\"><strong>U19 \u2013 Saison 23\/24<\/strong><br><strong>hinten vlnr:<\/strong>&nbsp;Ben L\u00fcbberink, Ole Klemp, Elias van Wieren, Nico Lambers, Roman Korte, Trainer Albert Lichtendonk, Betreuer Hans-J\u00fcrgen L\u00fcbbers<br><strong>Mitte vlnr:<\/strong>&nbsp;Erik Demtschuk, Ole Gering, Hendrik Ekelhoff, Kai Reinink, Klaas Sleefenboom, Max Roelofs, Torwarttrainer Geerd Reinink<br><strong>vorne vlnr:<\/strong>&nbsp;David Schoemaker, Nick L\u00fcbbers, Mario Helweg, Diler Adil Salim, Joris Schiphouwer, Finn Kampherbeek<br><strong>es fehlt: <\/strong>Trainer Sebastian Keen<\/figcaption><\/figure>\n\n\n\n<hr class=\"wp-block-separator has-alpha-channel-opacity\"\/>\n\n\n\n<h2 class=\"wp-block-heading\">A-Jugend &#8211; Bezirksliga &#8211; Saison 23\/24<\/h2>\n\n\n\n<figure class=\"wp-block-image size-full\"><img data-recalc-dims=\"1\" loading=\"lazy\" decoding=\"async\" width=\"967\" height=\"655\" data-attachment-id=\"5008\" data-permalink=\"https:\/\/www.jsg-niedergrafschaft.de\/web\/die-mannschaften\/u19-saison-23-24\/image-5-21\/\" data-orig-file=\"https:\/\/i0.wp.com\/www.jsg-niedergrafschaft.de\/web\/wp-content\/uploads\/2024\/07\/image-5.png?fit=967%2C655&amp;ssl=1\" data-orig-size=\"967,655\" data-comments-opened=\"0\" data-image-meta=\"{&quot;aperture&quot;:&quot;0&quot;,&quot;credit&quot;:&quot;&quot;,&quot;camera&quot;:&quot;&quot;,&quot;caption&quot;:&quot;&quot;,&quot;created_timestamp&quot;:&quot;0&quot;,&quot;copyright&quot;:&quot;&quot;,&quot;focal_length&quot;:&quot;0&quot;,&quot;iso&quot;:&quot;0&quot;,&quot;shutter_speed&quot;:&quot;0&quot;,&quot;title&quot;:&quot;&quot;,&quot;orientation&quot;:&quot;0&quot;}\" data-image-title=\"image-5\" data-image-description=\"\" data-image-caption=\"\" data-large-file=\"https:\/\/i0.wp.com\/www.jsg-niedergrafschaft.de\/web\/wp-content\/uploads\/2024\/07\/image-5.png?fit=967%2C655&amp;ssl=1\" src=\"https:\/\/i0.wp.com\/www.jsg-niedergrafschaft.de\/web\/wp-content\/uploads\/2024\/07\/image-5.png?resize=967%2C655&#038;ssl=1\" alt=\"\" class=\"wp-image-5008\" srcset=\"https:\/\/i0.wp.com\/www.jsg-niedergrafschaft.de\/web\/wp-content\/uploads\/2024\/07\/image-5.png?w=967&amp;ssl=1 967w, https:\/\/i0.wp.com\/www.jsg-niedergrafschaft.de\/web\/wp-content\/uploads\/2024\/07\/image-5.png?resize=300%2C203&amp;ssl=1 300w, https:\/\/i0.wp.com\/www.jsg-niedergrafschaft.de\/web\/wp-content\/uploads\/2024\/07\/image-5.png?resize=768%2C520&amp;ssl=1 768w\" sizes=\"auto, (max-width: 967px) 100vw, 967px\" \/><figcaption class=\"wp-element-caption\">Tabelle A-JUNIOREN BEZIRKSLIGA \u2013 Saison 23-24<\/figcaption><\/figure>\n\n\n\n<p><br><\/p>\n","protected":false},"excerpt":{"rendered":"<p>Berichte zur U19 in 2023\/2024 Trainerteam 23\/24 Sebastian Keen Albert LichtendonkHans-J\u00fcrgen L\u00fcbbersGeerd Reinink Zust\u00e4ndigkeit Mannschaftsfoto &#8211; Saison 2023\/24 A-Jugend &#8211; Bezirksliga &#8211; Saison 23\/24<\/p>\n","protected":false},"author":3,"featured_media":837,"parent":61,"menu_order":0,"comment_status":"closed","ping_status":"closed","template":"","meta":{"neve_meta_sidebar":"full-width","neve_meta_container":"","neve_meta_enable_content_width":"on","neve_meta_content_width":100,"neve_meta_title_alignment":"","neve_meta_author_avatar":"","neve_post_elements_order":"","neve_meta_disable_header":"","neve_meta_disable_footer":"","neve_meta_disable_title":"on","footnotes":""},"class_list":["post-5003","page","type-page","status-publish","has-post-thumbnail","hentry"],"jetpack_sharing_enabled":true,"_links":{"self":[{"href":"https:\/\/www.jsg-niedergrafschaft.de\/web\/wp-json\/wp\/v2\/pages\/5003","targetHints":{"allow":["GET"]}}],"collection":[{"href":"https:\/\/www.jsg-niedergrafschaft.de\/web\/wp-json\/wp\/v2\/pages"}],"about":[{"href":"https:\/\/www.jsg-niedergrafschaft.de\/web\/wp-json\/wp\/v2\/types\/page"}],"author":[{"embeddable":true,"href":"https:\/\/www.jsg-niedergrafschaft.de\/web\/wp-json\/wp\/v2\/users\/3"}],"replies":[{"embeddable":true,"href":"https:\/\/www.jsg-niedergrafschaft.de\/web\/wp-json\/wp\/v2\/comments?post=5003"}],"version-history":[{"count":3,"href":"https:\/\/www.jsg-niedergrafschaft.de\/web\/wp-json\/wp\/v2\/pages\/5003\/revisions"}],"predecessor-version":[{"id":6691,"href":"https:\/\/www.jsg-niedergrafschaft.de\/web\/wp-json\/wp\/v2\/pages\/5003\/revisions\/6691"}],"up":[{"embeddable":true,"href":"https:\/\/www.jsg-niedergrafschaft.de\/web\/wp-json\/wp\/v2\/pages\/61"}],"wp:featuredmedia":[{"embeddable":true,"href":"https:\/\/www.jsg-niedergrafschaft.de\/web\/wp-json\/wp\/v2\/media\/837"}],"wp:attachment":[{"href":"https:\/\/www.jsg-niedergrafschaft.de\/web\/wp-json\/wp\/v2\/media?parent=5003"}],"curies":[{"name":"wp","href":"https:\/\/api.w.org\/{rel}","templated":true}]}}