{"id":238,"date":"2020-07-23T12:00:28","date_gmt":"2020-07-23T10:00:28","guid":{"rendered":"https:\/\/www.jsg-niedergrafschaft.de\/web\/?page_id=238"},"modified":"2025-07-04T07:59:21","modified_gmt":"2025-07-04T05:59:21","slug":"u15-22-23","status":"publish","type":"page","link":"https:\/\/www.jsg-niedergrafschaft.de\/web\/die-mannschaften\/u15-22-23\/","title":{"rendered":"U15 Saison 22\/23"},"content":{"rendered":"\n<h2 class=\"wp-block-heading has-text-align-center\"><img data-recalc-dims=\"1\" loading=\"lazy\" decoding=\"async\" width=\"500\" height=\"78\" data-attachment-id=\"838\" data-permalink=\"https:\/\/www.jsg-niedergrafschaft.de\/web\/die-mannschaften\/u17-22-23\/jsg-logo-u15\/\" data-orig-file=\"https:\/\/i0.wp.com\/www.jsg-niedergrafschaft.de\/web\/wp-content\/uploads\/2022\/08\/jsg-logo-u15.png?fit=700%2C109&amp;ssl=1\" data-orig-size=\"700,109\" data-comments-opened=\"0\" data-image-meta=\"{&quot;aperture&quot;:&quot;0&quot;,&quot;credit&quot;:&quot;&quot;,&quot;camera&quot;:&quot;&quot;,&quot;caption&quot;:&quot;&quot;,&quot;created_timestamp&quot;:&quot;0&quot;,&quot;copyright&quot;:&quot;&quot;,&quot;focal_length&quot;:&quot;0&quot;,&quot;iso&quot;:&quot;0&quot;,&quot;shutter_speed&quot;:&quot;0&quot;,&quot;title&quot;:&quot;&quot;,&quot;orientation&quot;:&quot;0&quot;}\" data-image-title=\"JSG U15\" data-image-description=\"\" data-image-caption=\"\" data-large-file=\"https:\/\/i0.wp.com\/www.jsg-niedergrafschaft.de\/web\/wp-content\/uploads\/2022\/08\/jsg-logo-u15.png?fit=700%2C109&amp;ssl=1\" class=\"wp-image-838\" style=\"width: 500px;\" src=\"https:\/\/i0.wp.com\/www.jsg-niedergrafschaft.de\/web\/wp-content\/uploads\/2022\/08\/jsg-logo-u15.png?resize=500%2C78&#038;ssl=1\" alt=\"\" srcset=\"https:\/\/i0.wp.com\/www.jsg-niedergrafschaft.de\/web\/wp-content\/uploads\/2022\/08\/jsg-logo-u15.png?w=700&amp;ssl=1 700w, https:\/\/i0.wp.com\/www.jsg-niedergrafschaft.de\/web\/wp-content\/uploads\/2022\/08\/jsg-logo-u15.png?resize=300%2C47&amp;ssl=1 300w\" sizes=\"auto, (max-width: 500px) 100vw, 500px\" \/>Saison 22\/23<\/h2>\n\n\n\n<div class=\"wp-block-columns is-layout-flex wp-container-core-columns-is-layout-9d6595d7 wp-block-columns-is-layout-flex\">\n<div class=\"wp-block-column is-layout-flow wp-block-column-is-layout-flow\"><div class=\"wp-block-image\">\n<figure class=\"aligncenter size-large is-resized\"><a href=\"http:\/\/www.grafschafter-volksbank.de\"><img data-recalc-dims=\"1\" loading=\"lazy\" decoding=\"async\" width=\"1000\" height=\"196\" data-attachment-id=\"329\" data-permalink=\"https:\/\/www.jsg-niedergrafschaft.de\/web\/layout-2\/\" data-orig-file=\"https:\/\/i0.wp.com\/www.jsg-niedergrafschaft.de\/web\/wp-content\/uploads\/2020\/09\/JSG_Grafschafter-Volksbank.jpg?fit=1000%2C196&amp;ssl=1\" data-orig-size=\"1000,196\" data-comments-opened=\"1\" data-image-meta=\"{&quot;aperture&quot;:&quot;0&quot;,&quot;credit&quot;:&quot;&quot;,&quot;camera&quot;:&quot;&quot;,&quot;caption&quot;:&quot;&quot;,&quot;created_timestamp&quot;:&quot;0&quot;,&quot;copyright&quot;:&quot;&quot;,&quot;focal_length&quot;:&quot;0&quot;,&quot;iso&quot;:&quot;0&quot;,&quot;shutter_speed&quot;:&quot;0&quot;,&quot;title&quot;:&quot;Layout 2&quot;,&quot;orientation&quot;:&quot;1&quot;}\" data-image-title=\"Grafschafter Volksbank eG\" data-image-description=\"\" data-image-caption=\"\" data-large-file=\"https:\/\/i0.wp.com\/www.jsg-niedergrafschaft.de\/web\/wp-content\/uploads\/2020\/09\/JSG_Grafschafter-Volksbank.jpg?fit=1000%2C196&amp;ssl=1\" src=\"https:\/\/i0.wp.com\/www.jsg-niedergrafschaft.de\/web\/wp-content\/uploads\/2020\/09\/JSG_Grafschafter-Volksbank.jpg?resize=1000%2C196&#038;ssl=1\" alt=\"\" class=\"wp-image-329\" style=\"width:250px;height:49px\" srcset=\"https:\/\/i0.wp.com\/www.jsg-niedergrafschaft.de\/web\/wp-content\/uploads\/2020\/09\/JSG_Grafschafter-Volksbank.jpg?w=1000&amp;ssl=1 1000w, https:\/\/i0.wp.com\/www.jsg-niedergrafschaft.de\/web\/wp-content\/uploads\/2020\/09\/JSG_Grafschafter-Volksbank.jpg?resize=300%2C59&amp;ssl=1 300w, https:\/\/i0.wp.com\/www.jsg-niedergrafschaft.de\/web\/wp-content\/uploads\/2020\/09\/JSG_Grafschafter-Volksbank.jpg?resize=768%2C151&amp;ssl=1 768w\" sizes=\"auto, (max-width: 1000px) 100vw, 1000px\" \/><\/a><\/figure>\n<\/div><\/div>\n\n\n\n<div class=\"wp-block-column is-layout-flow wp-block-column-is-layout-flow\">\n<p class=\"has-text-align-center\"><em><sup>Teamsponsoren und Paten der U15<\/sup><\/em><\/p>\n<\/div>\n\n\n\n<div class=\"wp-block-column is-layout-flow wp-block-column-is-layout-flow\"><div class=\"wp-block-image\">\n<figure class=\"aligncenter size-large is-resized\"><a href=\"https:\/\/www.voba-niedergrafschaft.de\"><img data-recalc-dims=\"1\" loading=\"lazy\" decoding=\"async\" width=\"826\" height=\"142\" data-attachment-id=\"331\" data-permalink=\"https:\/\/www.jsg-niedergrafschaft.de\/web\/die-unterstuetzer\/layout-1-3\/\" data-orig-file=\"https:\/\/i0.wp.com\/www.jsg-niedergrafschaft.de\/web\/wp-content\/uploads\/2020\/09\/JSG_Volksbank-Niedergrafschaft-1-e1600685508812.jpg?fit=826%2C142&amp;ssl=1\" data-orig-size=\"826,142\" data-comments-opened=\"1\" data-image-meta=\"{&quot;aperture&quot;:&quot;0&quot;,&quot;credit&quot;:&quot;yf64zd8&quot;,&quot;camera&quot;:&quot;&quot;,&quot;caption&quot;:&quot;&quot;,&quot;created_timestamp&quot;:&quot;0&quot;,&quot;copyright&quot;:&quot;&quot;,&quot;focal_length&quot;:&quot;0&quot;,&quot;iso&quot;:&quot;0&quot;,&quot;shutter_speed&quot;:&quot;0&quot;,&quot;title&quot;:&quot;Layout 1&quot;,&quot;orientation&quot;:&quot;1&quot;}\" data-image-title=\"Layout 1\" data-image-description=\"\" data-image-caption=\"\" data-large-file=\"https:\/\/i0.wp.com\/www.jsg-niedergrafschaft.de\/web\/wp-content\/uploads\/2020\/09\/JSG_Volksbank-Niedergrafschaft-1-e1600685508812.jpg?fit=826%2C142&amp;ssl=1\" src=\"https:\/\/i0.wp.com\/www.jsg-niedergrafschaft.de\/web\/wp-content\/uploads\/2020\/09\/JSG_Volksbank-Niedergrafschaft-1-e1600685508812.jpg?resize=826%2C142&#038;ssl=1\" alt=\"\" class=\"wp-image-331\" style=\"width:333px;height:57px\" srcset=\"https:\/\/i0.wp.com\/www.jsg-niedergrafschaft.de\/web\/wp-content\/uploads\/2020\/09\/JSG_Volksbank-Niedergrafschaft-1-e1600685508812.jpg?w=826&amp;ssl=1 826w, https:\/\/i0.wp.com\/www.jsg-niedergrafschaft.de\/web\/wp-content\/uploads\/2020\/09\/JSG_Volksbank-Niedergrafschaft-1-e1600685508812.jpg?resize=300%2C52&amp;ssl=1 300w, https:\/\/i0.wp.com\/www.jsg-niedergrafschaft.de\/web\/wp-content\/uploads\/2020\/09\/JSG_Volksbank-Niedergrafschaft-1-e1600685508812.jpg?resize=768%2C132&amp;ssl=1 768w\" sizes=\"auto, (max-width: 826px) 100vw, 826px\" \/><\/a><\/figure>\n<\/div><\/div>\n<\/div>\n\n\n\n<hr class=\"wp-block-separator has-alpha-channel-opacity\"\/>\n\n\n\n<div class=\"wp-block-columns is-layout-flex wp-container-core-columns-is-layout-9d6595d7 wp-block-columns-is-layout-flex\">\n<div class=\"wp-block-column is-layout-flow wp-block-column-is-layout-flow\" style=\"flex-basis:66.66%\">\n<h2 class=\"wp-block-heading\">Berichte zur U15<\/h2>\n\n\n\n<p><ul class=\"display-posts-listing\"><li class=\"listing-item\"><a class=\"title\" href=\"https:\/\/www.jsg-niedergrafschaft.de\/web\/abschlussbericht-jsg-u15-saison-22-23\/\">Abschlussbericht JSG U15 Saison 22\/23<\/a> <span class=\"date\">29.06.2023<\/span><\/li><li class=\"listing-item\"><a class=\"title\" href=\"https:\/\/www.jsg-niedergrafschaft.de\/web\/die-letzten-spiele-der-saison-22-23\/\">Die letzten Spiele der Saison 22\/23<\/a> <span class=\"date\">18.06.2023<\/span><\/li><li class=\"listing-item\"><a class=\"title\" href=\"https:\/\/www.jsg-niedergrafschaft.de\/web\/jsg-spiele-am-wochenende-pokalfinale-co\/\">JSG-Spiele am Wochenende &#8211; Pokalfinale &#038; Co<\/a> <span class=\"date\">12.06.2023<\/span><\/li><li class=\"listing-item\"><a class=\"title\" href=\"https:\/\/www.jsg-niedergrafschaft.de\/web\/jsg-u12-ist-meister\/\">JSG U12 ist Meister!!!<\/a> <span class=\"date\">03.06.2023<\/span><\/li><li class=\"listing-item\"><a class=\"title\" href=\"https:\/\/www.jsg-niedergrafschaft.de\/web\/spielberichte-jsg-spiele-17-20-mai\/\">Spielberichte JSG-Spiele 17. &#8211; 20. Mai<\/a> <span class=\"date\">21.05.2023<\/span><\/li><li class=\"listing-item\"><a class=\"title\" href=\"https:\/\/www.jsg-niedergrafschaft.de\/web\/u13-und-u15-spiele-am-17-mai\/\">U13- und U15-Spiele am 17. Mai<\/a> <span class=\"date\">18.05.2023<\/span><\/li><li class=\"listing-item\"><a class=\"title\" href=\"https:\/\/www.jsg-niedergrafschaft.de\/web\/jsg-auswaerts-am-13-und-14-mai\/\">JSG ausw\u00e4rts am 13. und 14. Mai<\/a> <span class=\"date\">14.05.2023<\/span><\/li><li class=\"listing-item\"><a class=\"title\" href=\"https:\/\/www.jsg-niedergrafschaft.de\/web\/berichte-zu-den-spielen-vom-5-und-6-mai\/\">Berichte zu den Spielen vom 5. und 6. Mai<\/a> <span class=\"date\">07.05.2023<\/span><\/li><li class=\"listing-item\"><a class=\"title\" href=\"https:\/\/www.jsg-niedergrafschaft.de\/web\/jsg-spiele-am-28-und-29-april\/\">JSG-Spiele am 28. und 29. April<\/a> <span class=\"date\">30.04.2023<\/span><\/li><li class=\"listing-item\"><a class=\"title\" href=\"https:\/\/www.jsg-niedergrafschaft.de\/web\/jsg-spiele-vom-21-und-22-april\/\">JSG-Spiele vom 21. und 22. April<\/a> <span class=\"date\">23.04.2023<\/span><\/li><li class=\"listing-item\"><a class=\"title\" href=\"https:\/\/www.jsg-niedergrafschaft.de\/web\/volles-programm-berichte-der-jsg-spiele-vom-14-15-april\/\">Volles Programm: Berichte der JSG-Spiele vom 14.\/15. April<\/a> <span class=\"date\">16.04.2023<\/span><\/li><li class=\"listing-item\"><a class=\"title\" href=\"https:\/\/www.jsg-niedergrafschaft.de\/web\/berichte-der-spiele-u13-und-u15-vom-21-und-24-03-2\/\">Berichte der Spiele U13 und U15 vom 21. und 24.03.<\/a> <span class=\"date\">23.03.2023<\/span><\/li><li class=\"listing-item\"><a class=\"title\" href=\"https:\/\/www.jsg-niedergrafschaft.de\/web\/auftakt-jsg-spiele-am-17-und-18-maerz\/\">Auftakt: JSG-Spiele am 17. und 18. M\u00e4rz<\/a> <span class=\"date\">19.03.2023<\/span><\/li><li class=\"listing-item\"><a class=\"title\" href=\"https:\/\/www.jsg-niedergrafschaft.de\/web\/die-vorbereitung-laeuft\/\">Die Vorbereitung l\u00e4uft<\/a> <span class=\"date\">23.02.2023<\/span><\/li><li class=\"listing-item\"><a class=\"title\" href=\"https:\/\/www.jsg-niedergrafschaft.de\/web\/u15-erreicht-halbfinale-bei-der-hkm-zwischenrunde\/\">U15 erreicht Halbfinale bei der HKM-Zwischenrunde<\/a> <span class=\"date\">01.02.2023<\/span><\/li><li class=\"listing-item\"><a class=\"title\" href=\"https:\/\/www.jsg-niedergrafschaft.de\/web\/das-hkm-wochenende\/\">Das HKM-Wochenende am 28.\/29.01.<\/a> <span class=\"date\">23.01.2023<\/span><\/li><li class=\"listing-item\"><a class=\"title\" href=\"https:\/\/www.jsg-niedergrafschaft.de\/web\/u15-nimmt-am-einladungsturnier-von-vfl-we-nordhorn-teil\/\">U15 nimmt am Einladungsturnier von VfL WE Nordhorn teil<\/a> <span class=\"date\">15.01.2023<\/span><\/li><li class=\"listing-item\"><a class=\"title\" href=\"https:\/\/www.jsg-niedergrafschaft.de\/web\/sehr-guter-start-in-die-futsal-hkm-der-u15\/\">Sehr guter Start in die Futsal HKM der U15!<\/a> <span class=\"date\">08.01.2023<\/span><\/li><li class=\"listing-item\"><a class=\"title\" href=\"https:\/\/www.jsg-niedergrafschaft.de\/web\/u15-bericht-vom-aurich-cup\/\">U15: Bericht vom Burg- und M\u00fchlenturnier und dem Aurich-Cup<\/a> <span class=\"date\">06.01.2023<\/span><\/li><li class=\"listing-item\"><a class=\"title\" href=\"https:\/\/www.jsg-niedergrafschaft.de\/web\/keine-endrunde-fuer-u15-beim-matenaar-cup\/\">Keine Endrunde f\u00fcr U15 beim Matenaar-Cup<\/a> <span class=\"date\">29.12.2022<\/span><\/li><li class=\"listing-item\"><a class=\"title\" href=\"https:\/\/www.jsg-niedergrafschaft.de\/web\/u15-hallenturnier-beim-lvm-guelker-cup\/\">U15 &#8211; Hallenturnier beim LVM-G\u00fclker-Cup<\/a> <span class=\"date\">23.12.2022<\/span><\/li><li class=\"listing-item\"><a class=\"title\" href=\"https:\/\/www.jsg-niedergrafschaft.de\/web\/jsg-asc-uelsen-turniere-fuer-u15-und-u17\/\">JSG ASC\/Uelsen &#8211; Turniere f\u00fcr U15 und U17<\/a> <span class=\"date\">20.12.2022<\/span><\/li><li class=\"listing-item\"><a class=\"title\" href=\"https:\/\/www.jsg-niedergrafschaft.de\/web\/jsg-spiele-am-19-november\/\">JSG-Spiele am 19. November<\/a> <span class=\"date\">19.11.2022<\/span><\/li><li class=\"listing-item\"><a class=\"title\" href=\"https:\/\/www.jsg-niedergrafschaft.de\/web\/spielberichte-12-november\/\">Spielberichte 12. November<\/a> <span class=\"date\">12.11.2022<\/span><\/li><li class=\"listing-item\"><a class=\"title\" href=\"https:\/\/www.jsg-niedergrafschaft.de\/web\/jsg-spiele-vom-5-november\/\">JSG-Spiele vom 5. November<\/a> <span class=\"date\">05.11.2022<\/span><\/li><li class=\"listing-item\"><a class=\"title\" href=\"https:\/\/www.jsg-niedergrafschaft.de\/web\/spielbericht-vom-28-29-10-der-u15-und-u19\/\">Spielbericht vom 28.\/29.10. der U15 und U19<\/a> <span class=\"date\">29.10.2022<\/span><\/li><li class=\"listing-item\"><a class=\"title\" href=\"https:\/\/www.jsg-niedergrafschaft.de\/web\/spielberichte-jsg-11-bis-19-oktober\/\">Spielberichte JSG &#8211; 11. bis  19.10.<\/a> <span class=\"date\">12.10.2022<\/span><\/li><li class=\"listing-item\"><a class=\"title\" href=\"https:\/\/www.jsg-niedergrafschaft.de\/web\/jsg-spiele-vom-5-bis-8-oktober\/\">JSG-Spiele vom 5. bis 8. Oktober<\/a> <span class=\"date\">09.10.2022<\/span><\/li><li class=\"listing-item\"><a class=\"title\" href=\"https:\/\/www.jsg-niedergrafschaft.de\/web\/berichte-zu-spielen-vom-30-09-und-01-10\/\">Berichte zu Spielen vom 30.09. und 01.10.<\/a> <span class=\"date\">01.10.2022<\/span><\/li><li class=\"listing-item\"><a class=\"title\" href=\"https:\/\/www.jsg-niedergrafschaft.de\/web\/spielberichte-der-jsg-vom-25-09-22\/\">Spielberichte der JSG vom 25.09.22<\/a> <span class=\"date\">25.09.2022<\/span><\/li><li class=\"listing-item\"><a class=\"title\" href=\"https:\/\/www.jsg-niedergrafschaft.de\/web\/spielberichte-der-jsg-vom-18-09-22\/\">Spielberichte der JSG vom 18.09.22<\/a> <span class=\"date\">18.09.2022<\/span><\/li><li class=\"listing-item\"><a class=\"title\" href=\"https:\/\/www.jsg-niedergrafschaft.de\/web\/u15-testspiel-gegen-fc-coevorden\/\">U15 Testspiel gegen FC Coevorden<\/a> <span class=\"date\">09.09.2022<\/span><\/li><li class=\"listing-item\"><a class=\"title\" href=\"https:\/\/www.jsg-niedergrafschaft.de\/web\/bericht-der-u15-vom-saisonstart\/\">Bericht der U15 vom Saisonstart<\/a> <span class=\"date\">02.09.2022<\/span><\/li><li class=\"listing-item\"><a class=\"title\" href=\"https:\/\/www.jsg-niedergrafschaft.de\/web\/bericht-zum-saisonstart-der-jsg-u15\/\">Bericht zum Saisonstart 22\/23 der U15<\/a> <span class=\"date\">22.08.2022<\/span><\/li><li class=\"listing-item\"><a class=\"title\" href=\"https:\/\/www.jsg-niedergrafschaft.de\/web\/bericht-zur-rueckrunde-21-22-der-jsg-u15\/\">Bericht zur R\u00fcckrunde 21\/22 der JSG U15<\/a> <span class=\"date\">31.07.2022<\/span><\/li><\/ul><br><br><\/p>\n<\/div>\n\n\n\n<div class=\"wp-block-column has-nv-light-bg-background-color has-background is-layout-flow wp-block-column-is-layout-flow\" style=\"flex-basis:33.33%\">\n<h2 class=\"wp-block-heading\">Trainerteam 22\/23<\/h2>\n\n\n\n<p>Hartmut Beerlink<br><strong>J\u00fcrgen Gosink <\/strong><br>Gebhard L\u00fcbbers<br>Herbert Ekelhoff<\/p>\n\n\n\n<h2 class=\"wp-block-heading\">Zust\u00e4ndigkeit<br> <img data-recalc-dims=\"1\" loading=\"lazy\" decoding=\"async\" width=\"50\" height=\"50\" data-attachment-id=\"349\" data-permalink=\"https:\/\/www.jsg-niedergrafschaft.de\/web\/der-verein\/stammvereine\/svh\/\" data-orig-file=\"https:\/\/i0.wp.com\/www.jsg-niedergrafschaft.de\/web\/wp-content\/uploads\/2020\/09\/svh-e1600370807857.png?fit=200%2C201&amp;ssl=1\" data-orig-size=\"200,201\" data-comments-opened=\"1\" data-image-meta=\"{&quot;aperture&quot;:&quot;0&quot;,&quot;credit&quot;:&quot;&quot;,&quot;camera&quot;:&quot;&quot;,&quot;caption&quot;:&quot;&quot;,&quot;created_timestamp&quot;:&quot;0&quot;,&quot;copyright&quot;:&quot;&quot;,&quot;focal_length&quot;:&quot;0&quot;,&quot;iso&quot;:&quot;0&quot;,&quot;shutter_speed&quot;:&quot;0&quot;,&quot;title&quot;:&quot;&quot;,&quot;orientation&quot;:&quot;0&quot;}\" data-image-title=\"svh\" data-image-description=\"\" data-image-caption=\"\" data-large-file=\"https:\/\/i0.wp.com\/www.jsg-niedergrafschaft.de\/web\/wp-content\/uploads\/2020\/09\/svh-e1600370807857.png?fit=200%2C201&amp;ssl=1\" class=\"wp-image-349\" style=\"width: 50px;\" src=\"https:\/\/i0.wp.com\/www.jsg-niedergrafschaft.de\/web\/wp-content\/uploads\/2020\/09\/svh-e1600370807857.png?resize=50%2C50&#038;ssl=1\" alt=\"\"><\/h2>\n<\/div>\n<\/div>\n\n\n\n<hr class=\"wp-block-separator has-alpha-channel-opacity\"\/>\n\n\n\n<h2 class=\"wp-block-heading\">Mannschaftsfoto &#8211; 22\/23<\/h2>\n\n\n<div class=\"wp-block-image\">\n<figure class=\"aligncenter size-large\"><img data-recalc-dims=\"1\" loading=\"lazy\" decoding=\"async\" width=\"1024\" height=\"673\" data-attachment-id=\"944\" data-permalink=\"https:\/\/www.jsg-niedergrafschaft.de\/web\/die-mannschaften\/u15-22-23\/jsg-u15-mannschaft-22-23-1024\/\" data-orig-file=\"https:\/\/i0.wp.com\/www.jsg-niedergrafschaft.de\/web\/wp-content\/uploads\/2022\/08\/jsg-U15-mannschaft-22-23-1024.jpg?fit=1279%2C840&amp;ssl=1\" data-orig-size=\"1279,840\" data-comments-opened=\"1\" data-image-meta=\"{&quot;aperture&quot;:&quot;0&quot;,&quot;credit&quot;:&quot;&quot;,&quot;camera&quot;:&quot;&quot;,&quot;caption&quot;:&quot;&quot;,&quot;created_timestamp&quot;:&quot;0&quot;,&quot;copyright&quot;:&quot;&quot;,&quot;focal_length&quot;:&quot;0&quot;,&quot;iso&quot;:&quot;0&quot;,&quot;shutter_speed&quot;:&quot;0&quot;,&quot;title&quot;:&quot;&quot;,&quot;orientation&quot;:&quot;1&quot;}\" data-image-title=\"jsg-U15-mannschaft-22-23-1024\" data-image-description=\"\" data-image-caption=\"\" data-large-file=\"https:\/\/i0.wp.com\/www.jsg-niedergrafschaft.de\/web\/wp-content\/uploads\/2022\/08\/jsg-U15-mannschaft-22-23-1024.jpg?fit=1024%2C673&amp;ssl=1\" src=\"https:\/\/i0.wp.com\/www.jsg-niedergrafschaft.de\/web\/wp-content\/uploads\/2022\/08\/jsg-U15-mannschaft-22-23-1024.jpg?resize=1024%2C673&#038;ssl=1\" alt=\"\" class=\"wp-image-944\" srcset=\"https:\/\/i0.wp.com\/www.jsg-niedergrafschaft.de\/web\/wp-content\/uploads\/2022\/08\/jsg-U15-mannschaft-22-23-1024.jpg?resize=1024%2C673&amp;ssl=1 1024w, https:\/\/i0.wp.com\/www.jsg-niedergrafschaft.de\/web\/wp-content\/uploads\/2022\/08\/jsg-U15-mannschaft-22-23-1024.jpg?resize=300%2C197&amp;ssl=1 300w, https:\/\/i0.wp.com\/www.jsg-niedergrafschaft.de\/web\/wp-content\/uploads\/2022\/08\/jsg-U15-mannschaft-22-23-1024.jpg?resize=768%2C504&amp;ssl=1 768w, https:\/\/i0.wp.com\/www.jsg-niedergrafschaft.de\/web\/wp-content\/uploads\/2022\/08\/jsg-U15-mannschaft-22-23-1024.jpg?w=1279&amp;ssl=1 1279w\" sizes=\"auto, (max-width: 1024px) 100vw, 1024px\" \/><figcaption class=\"wp-element-caption\"><strong>U15 &#8211; Saison 22\/23<\/strong><br><strong>hinten vlnr:<\/strong> Paul Veldink, Julian Arends, Chris v. Grafhorst, Tom Kuiper, Jannes Gosen, Hilko L\u00fcbbers, Paul Treziak, Colin Wolken, Bennet Langius<br><strong>vorne vlnr:<\/strong> Dyliar Kulaks, Jannes Scholten, Jarne Veldhuis, Felix Breukelmann, Lasse M\u00fclstegen, Daywin v.d. Zwaan, Marlon Wittmeyer, Marek Gosink<\/figcaption><\/figure>\n<\/div>\n\n\n<hr class=\"wp-block-separator has-alpha-channel-opacity\"\/>\n\n\n\n<h2 class=\"wp-block-heading\">C-Jugend &#8211; Bezirksliga<\/h2>\n\n\n\n<p class=\"has-medium-font-size\">Die Saison 2022\/23 auf fussball.de: <a href=\"https:\/\/www.fussball.de\/spieltag\/c-junioren-bezirksliga-weser-ems-iii-bezirk-weser-ems-c-junioren-bezirksliga-c-junioren-saison2223-niedersachsen\/-\/spieldatum\/2023-05-05\/staffel\/02INUF6T6400000CVS5489B3VVETK79U-G#!\/\" target=\"_blank\" rel=\"noreferrer noopener\">hier klicken <\/a><\/p>\n\n\n\n<figure class=\"wp-block-image size-full\"><img data-recalc-dims=\"1\" loading=\"lazy\" decoding=\"async\" width=\"978\" height=\"629\" data-attachment-id=\"2902\" data-permalink=\"https:\/\/www.jsg-niedergrafschaft.de\/web\/die-mannschaften\/u15-22-23\/image-19-6\/\" data-orig-file=\"https:\/\/i0.wp.com\/www.jsg-niedergrafschaft.de\/web\/wp-content\/uploads\/2023\/06\/image-19.png?fit=978%2C629&amp;ssl=1\" data-orig-size=\"978,629\" data-comments-opened=\"0\" data-image-meta=\"{&quot;aperture&quot;:&quot;0&quot;,&quot;credit&quot;:&quot;&quot;,&quot;camera&quot;:&quot;&quot;,&quot;caption&quot;:&quot;&quot;,&quot;created_timestamp&quot;:&quot;0&quot;,&quot;copyright&quot;:&quot;&quot;,&quot;focal_length&quot;:&quot;0&quot;,&quot;iso&quot;:&quot;0&quot;,&quot;shutter_speed&quot;:&quot;0&quot;,&quot;title&quot;:&quot;&quot;,&quot;orientation&quot;:&quot;0&quot;}\" data-image-title=\"image-19\" data-image-description=\"\" data-image-caption=\"\" data-large-file=\"https:\/\/i0.wp.com\/www.jsg-niedergrafschaft.de\/web\/wp-content\/uploads\/2023\/06\/image-19.png?fit=978%2C629&amp;ssl=1\" src=\"https:\/\/i0.wp.com\/www.jsg-niedergrafschaft.de\/web\/wp-content\/uploads\/2023\/06\/image-19.png?resize=978%2C629&#038;ssl=1\" alt=\"\" class=\"wp-image-2902\" srcset=\"https:\/\/i0.wp.com\/www.jsg-niedergrafschaft.de\/web\/wp-content\/uploads\/2023\/06\/image-19.png?w=978&amp;ssl=1 978w, https:\/\/i0.wp.com\/www.jsg-niedergrafschaft.de\/web\/wp-content\/uploads\/2023\/06\/image-19.png?resize=300%2C193&amp;ssl=1 300w, https:\/\/i0.wp.com\/www.jsg-niedergrafschaft.de\/web\/wp-content\/uploads\/2023\/06\/image-19.png?resize=768%2C494&amp;ssl=1 768w\" sizes=\"auto, (max-width: 978px) 100vw, 978px\" \/><figcaption class=\"wp-element-caption\">Tabelle C-JUNIOREN BEZIRKSLIGA WESER-EMS III &#8211; Saison 22-23<\/figcaption><\/figure>\n\n\n\n<p><\/p>\n","protected":false},"excerpt":{"rendered":"<p>Saison 22\/23 Teamsponsoren und Paten der U15 Berichte zur U15 Trainerteam 22\/23 Hartmut BeerlinkJ\u00fcrgen Gosink Gebhard L\u00fcbbersHerbert Ekelhoff Zust\u00e4ndigkeit Mannschaftsfoto &#8211; 22\/23 C-Jugend &#8211; Bezirksliga Die Saison 2022\/23 auf fussball.de: hier klicken<\/p>\n","protected":false},"author":3,"featured_media":838,"parent":61,"menu_order":3,"comment_status":"closed","ping_status":"closed","template":"","meta":{"neve_meta_sidebar":"full-width","neve_meta_container":"","neve_meta_enable_content_width":"on","neve_meta_content_width":100,"neve_meta_title_alignment":"","neve_meta_author_avatar":"","neve_post_elements_order":"","neve_meta_disable_header":"","neve_meta_disable_footer":"","neve_meta_disable_title":"on","footnotes":""},"class_list":["post-238","page","type-page","status-publish","has-post-thumbnail","hentry"],"jetpack_sharing_enabled":true,"_links":{"self":[{"href":"https:\/\/www.jsg-niedergrafschaft.de\/web\/wp-json\/wp\/v2\/pages\/238","targetHints":{"allow":["GET"]}}],"collection":[{"href":"https:\/\/www.jsg-niedergrafschaft.de\/web\/wp-json\/wp\/v2\/pages"}],"about":[{"href":"https:\/\/www.jsg-niedergrafschaft.de\/web\/wp-json\/wp\/v2\/types\/page"}],"author":[{"embeddable":true,"href":"https:\/\/www.jsg-niedergrafschaft.de\/web\/wp-json\/wp\/v2\/users\/3"}],"replies":[{"embeddable":true,"href":"https:\/\/www.jsg-niedergrafschaft.de\/web\/wp-json\/wp\/v2\/comments?post=238"}],"version-history":[{"count":57,"href":"https:\/\/www.jsg-niedergrafschaft.de\/web\/wp-json\/wp\/v2\/pages\/238\/revisions"}],"predecessor-version":[{"id":6694,"href":"https:\/\/www.jsg-niedergrafschaft.de\/web\/wp-json\/wp\/v2\/pages\/238\/revisions\/6694"}],"up":[{"embeddable":true,"href":"https:\/\/www.jsg-niedergrafschaft.de\/web\/wp-json\/wp\/v2\/pages\/61"}],"wp:featuredmedia":[{"embeddable":true,"href":"https:\/\/www.jsg-niedergrafschaft.de\/web\/wp-json\/wp\/v2\/media\/838"}],"wp:attachment":[{"href":"https:\/\/www.jsg-niedergrafschaft.de\/web\/wp-json\/wp\/v2\/media?parent=238"}],"curies":[{"name":"wp","href":"https:\/\/api.w.org\/{rel}","templated":true}]}}